{"version":"1.0","provider_name":"PEFC Catalunya","provider_url":"https:\/\/www.pefc.cat\/es\/","author_name":"comunicacio","author_url":"https:\/\/www.pefc.cat\/es\/author\/comunicacio\/","title":"PEFC Catalu\u00f1a celebr\u00f3 sus 20 a\u00f1os protegiendo los bosques - PEFC Catalunya","type":"rich","width":600,"height":338,"html":"<blockquote class=\"wp-embedded-content\" data-secret=\"mqj6WwDHHQ\"><a href=\"https:\/\/www.pefc.cat\/es\/pefc-catalunya-va-celebrar-els-seus-20-anys\/\">PEFC Catalu\u00f1a celebr\u00f3 sus 20 a\u00f1os protegiendo los bosques<\/a><\/blockquote><iframe sandbox=\"allow-scripts\" security=\"restricted\" src=\"https:\/\/www.pefc.cat\/es\/pefc-catalunya-va-celebrar-els-seus-20-anys\/embed\/#?secret=mqj6WwDHHQ\" width=\"600\" height=\"338\" title=\"\u00abPEFC Catalu\u00f1a celebr\u00f3 sus 20 a\u00f1os protegiendo los bosques\u00bb \u2014 PEFC Catalunya\" data-secret=\"mqj6WwDHHQ\" frameborder=\"0\" marginwidth=\"0\" marginheight=\"0\" scrolling=\"no\" class=\"wp-embedded-content\"><\/iframe><script type=\"text\/javascript\">\n\/* <![CDATA[ *\/\n\/*! This file is auto-generated *\/\n!function(d,l){\"use strict\";l.querySelector&&d.addEventListener&&\"undefined\"!=typeof URL&&(d.wp=d.wp||{},d.wp.receiveEmbedMessage||(d.wp.receiveEmbedMessage=function(e){var t=e.data;if((t||t.secret||t.message||t.value)&&!\/[^a-zA-Z0-9]\/.test(t.secret)){for(var s,r,n,a=l.querySelectorAll('iframe[data-secret=\"'+t.secret+'\"]'),o=l.querySelectorAll('blockquote[data-secret=\"'+t.secret+'\"]'),c=new RegExp(\"^https?:$\",\"i\"),i=0;i<o.length;i++)o[i].style.display=\"none\";for(i=0;i<a.length;i++)s=a[i],e.source===s.contentWindow&&(s.removeAttribute(\"style\"),\"height\"===t.message?(1e3<(r=parseInt(t.value,10))?r=1e3:~~r<200&&(r=200),s.height=r):\"link\"===t.message&&(r=new URL(s.getAttribute(\"src\")),n=new URL(t.value),c.test(n.protocol))&&n.host===r.host&&l.activeElement===s&&(d.top.location.href=t.value))}},d.addEventListener(\"message\",d.wp.receiveEmbedMessage,!1),l.addEventListener(\"DOMContentLoaded\",function(){for(var e,t,s=l.querySelectorAll(\"iframe.wp-embedded-content\"),r=0;r<s.length;r++)(t=(e=s[r]).getAttribute(\"data-secret\"))||(t=Math.random().toString(36).substring(2,12),e.src+=\"#?secret=\"+t,e.setAttribute(\"data-secret\",t)),e.contentWindow.postMessage({message:\"ready\",secret:t},\"*\")},!1)))}(window,document);\n\/\/# sourceURL=https:\/\/www.pefc.cat\/wp-includes\/js\/wp-embed.min.js\n\/* ]]> *\/\n<\/script>\n","thumbnail_url":"https:\/\/www.pefc.cat\/wp-content\/uploads\/JMV-scaled.jpg","thumbnail_width":2560,"thumbnail_height":1707,"description":"El pasado jueves, 4 de noviembre, tuvo lugar la celebraci\u00f3n del 20\u00ba aniversario de PEFC Catalu\u00f1a en la Antigua F\u00e1brica Damm de Barcelona donde pudimos contar con la presencia de reconocidas personalidades del sector forestal, miembros de PEFC, las empresas que se certifican, prensa e instituciones."}